{"id":2122,"date":"2016-05-12T17:35:56","date_gmt":"2016-05-12T15:35:56","guid":{"rendered":"http:\/\/www.adberlin.com\/neu\/?page_id=2122"},"modified":"2025-04-08T23:17:13","modified_gmt":"2025-04-08T22:17:13","slug":"assistenzdienste","status":"publish","type":"page","link":"https:\/\/www.adberlin.com\/neu\/weiterfuerende-informationen\/assistenzdienste","title":{"rendered":"Liste der Assistenzdienste in Deutschland"},"content":{"rendered":"<h2><strong>Assistenzdienste in Deutschland<\/strong><\/h2>\n<p>(Diese Liste ist begrenzt auf nicht-kommerzielle Anbieter von Pers\u00f6nlicher Assistenz, die nach den Grunds\u00e4tzen der Selbstbestimmt-Leben-Bewegung arbeiten.)<br \/>\n&nbsp;<\/p>\n<p><strong>&nbsp;Assistenzdienste in Baden-W\u00fcrttemberg:<\/strong><\/p>\n<p><a href=\"http:\/\/www.lag-isa.de\/netzwerkpartner\/\" target=\"_blank\" rel=\"noopener\">www.lag-isa.de\/netzwerkpartner\/<\/a><br \/>\n(zusammengeschlossen in der Landesarbeitsgemeinschaft Individuelle Schwerbehindertenassistenz Baden-W\u00fcrttemberg [<a href=\"http:\/\/www.lag-isa.de\" target=\"_blank\" rel=\"noopener\">LAG ISA<\/a>])<\/p>\n<p><a href=\"https:\/\/sued-ag.de\/\" target=\"_blank\" rel=\"noopener\">www.sued-ag.de<\/a><br \/>\nS\u00fcddeutsche Assistenz Gesellschaft (SAG) in Neus\u00e4\u00df (bei Augsburg) [auch f\u00fcr Kund*innen im s\u00fcdlichen Baden-W\u00fcrttemberg]<\/p>\n<p>&nbsp;<\/p>\n<p><strong>Assistenzdienste in Bayern:<\/strong><\/p>\n<p><a href=\"https:\/\/www.augsburg-asb.de\/unsere-angebote1\/behindertenhilfe\/individuelle-schwerbehindertenassistenz\" target=\"_blank\" rel=\"noopener\">www.augsburg-asb.de\/unsere-angebote1\/behindertenhilfe\/individuelle-schwerbehindertenassistenz<\/a><br \/>\nASB Augsburg \u2013 Individuelle Schwerbehindertenassistenz<\/p>\n<p><a href=\"http:\/\/www.behindertenhilfe-coburg.de\/freizeit-leben-wohnen\/assistenz-und-pflegedienst-selbstbestimmt-leben\/\" target=\"_blank\" rel=\"noopener\">www.behindertenhilfe-coburg.de\/freizeit-leben-wohnen\/assistenz-und-pflegedienst-selbstbestimmt-leben\/<\/a><br \/>\nAssistenz- und Pflegedienst &#8222;Selbstbestimmt leben&#8220; in Coburg<\/p>\n<p><a href=\"https:\/\/www.passt-assistenz.de\" target=\"_blank\" rel=\"noopener\">www.passt-assistenz.de <\/a><br \/>\nPasst e.V. in K\u00f6nigsbrunn (bei Augsburg)<\/p>\n<p><a href=\"https:\/\/phoenix-regensburg.de\/hilfen\/persoenliche-assistenz\" target=\"_blank\" rel=\"noopener\">www.phoenix-regensburg.de\/hilfen\/persoenliche-assistenz<\/a><br \/>\nAssistenzdienst von Phoenix e. V. in Regensburg<\/p>\n<p><a href=\"http:\/\/www.persoenliche-assistenz.de\/\/\" target=\"_blank\" rel=\"noopener\">www.persoenliche-assistenz.de\/<\/a><br \/>\nAssistenzdienst der Vereinigung Integrationsf\u00f6rderung (VIF) e. V. in M\u00fcnchen<\/p>\n<p><a href=\"https:\/\/sued-ag.de\/\" target=\"_blank\" rel=\"noopener\">www.sued-ag.de<\/a><br \/>\nS\u00fcddeutsche Assistenz Gesellschaft (SAG) in Neus\u00e4\u00df (bei Augsburg)<\/p>\n<p><a href=\"https:\/\/www.zsl-erlangen.de\/assistenzorganisation\/unsere-aufgaben\" target=\"_blank\" rel=\"noopener\">www.zsl-erlangen.de\/assistenzorganisation\/unsere-aufgaben<\/a><br \/>\nAssistenzdienst des Zentrums f\u00fcr selbstbestimmtes Leben Behinderter e.V. Erlangen<\/p>\n<p>&nbsp;<\/p>\n<p><strong>Assistenzdienste in Berlin:<\/strong><\/p>\n<p><a href=\"http:\/\/www.adberlin.com\">www.adberlin.com<\/a><br \/>\nambulante dienste e. V.&nbsp;in Berlin<\/p>\n<p><a href=\"https:\/\/lebenswege-berlin.de\/\">https:\/\/lebenswege-berlin.de\/<\/a><br \/>\nAssistenzdienst Neue Lebenswege \/ Pflegedienst Normales Leben<\/p>\n<p><a href=\"https:\/\/www.phoenix-soziale-dienste.de\/leistungen\/persoenliche-assistenz\/\">https:\/\/www.phoenix-soziale-dienste.de\/leistungen\/persoenliche-assistenz\/<\/a><br \/>\nAssistenzdienst von Ph\u00f6nix &#8211; Soziale Dienste gGmbHNeue Lebenswege \/ Pflegedienst Normales Leben<\/p>\n<p>&nbsp;<\/p>\n<p><strong>Assistenzdienste in Bremen:<\/strong><\/p>\n<p><a href=\"http:\/\/www.ag-bremen.de\" target=\"_blank\" rel=\"noopener\">www.ag-bremen.de<\/a><br \/>\nAssistenzgenossenschaft Bremen e. G.<\/p>\n<p><a href=\"https:\/\/www.pd-bremen.de\/persoenliche-hilfen-isb.html\" target=\"_blank\" rel=\"noopener\">https:\/\/www.pd-bremen.de\/persoenliche-hilfen-isb.html<\/a><br \/>\nAssistenzdienst der Parit\u00e4tischen Dienste Bremen<\/p>\n<p>&nbsp;<\/p>\n<p><strong>Assistenzdienste in Hamburg:<\/strong><\/p>\n<p><a href=\"https:\/\/www.bodelschwingh.com\/services\/Behinderte#\" target=\"_blank\" rel=\"noopener\">www.bodelschwingh.com\/services\/Behinderte#<\/a><br \/>\nIndividuelle Schwerstbehinderten-Betreuung der Stiftung Bodelschwingh in Hamburg<\/p>\n<p><a href=\"https:\/\/www.club68helfer.de\/assistenz-und-pflege\/\" target=\"_blank\" rel=\"noopener\">www.club68helfer.de\/assistenz-und-pflege\/<\/a><br \/>\nClub 68 e. V. in Hamburg<\/p>\n<p><a href=\"http:\/\/www.hag-eg.de\" target=\"_blank\" rel=\"noopener\">www.hag-eg.de<\/a><br \/>\nHamburger Assistenzgenossenschaft e. G.<\/p>\n<p>&nbsp;<\/p>\n<p><strong>Assistenzdienste in Hessen:<\/strong><\/p>\n<p><a href=\"https:\/\/ahaev.de\/persoenliche-assistenz\/\" target=\"_blank\" rel=\"noopener\">www.ahaev.de\/persoenliche-assistenz<\/a><br \/>\nAHA e. V. in Kassel<\/p>\n<p><a href=\"https:\/\/www.ambulante-dienste-nordhessen.de\/unsere-angebote\/pers%C3%B6nliche-assistenz\/\" target=\"_blank\" rel=\"noopener\">www.ambulante-dienste-nordhessen.de\/unsere-angebote\/pers%C3%B6nliche-assistenz <\/a><br \/>\nAmbulante Dienste Nordhessen in Kassel<\/p>\n<p><a href=\"https:\/\/www.behindertenhilfe-offenbach.de\/erwachsene\/pflege-assistenz\/pflege-assistenz\/\" target=\"_blank\" rel=\"noopener\">www.behindertenhilfe-offenbach.de\/erwachsene\/pflege-assistenz\/pflege-assistenz\/<\/a><br \/>\nAmbulanter Dienst der Behindertenhilfe in Stadt und Kreis Offenbach e.V.&#8220;<\/p>\n<p><a href=\"https:\/\/cbf-da.de\/de\/angebote\/schwerbehindertenassistenz\/\" target=\"_blank\" rel=\"noopener\">www.cbf-da.de\/de\/angebote\/schwerbehindertenassistenz\/<\/a><br \/>\nClub Behinderter und ihrer Freunde &#8211; CBF Darmstadt e.V.<\/p>\n<p><a href=\"http:\/\/www.fab-kassel.de\/ad.html\" target=\"_blank\" rel=\"noopener\">www.fab-kassel.de\/ad.html<\/a><br \/>\nAssistenzdienst des Vereins zur F\u00f6rderung der Autonomie Behinderter (fab) e. V. in Kassel<\/p>\n<p><a href=\"https:\/\/www.fib-ev-marburg.de\/fib-ev\/arbeitsbereiche\/assistenz\/index.php\" target=\"_blank\" rel=\"noopener\">www.fib-ev-marburg.de\/fib-ev\/arbeitsbereiche\/assistenz\/index.php<\/a><br \/>\nArbeitsbereich pers\u00f6nliche Assistenz im Verein zur F\u00f6rderung der Integration Behinderter (fib) e.V. in Marburg<\/p>\n<p>&nbsp;<\/p>\n<p><strong>Assistenzdienste in Niedersachsen:<\/strong><\/p>\n<p><a href=\"http:\/\/www.persoenliche-assistenz-lueneburg.de\/assistenz.html\" target=\"_blank\" rel=\"noopener\">www.persoenliche-assistenz-lueneburg.de\/assistenz.html<\/a><br \/>\nHilfe zur Selbsthilfe L\u00fcneburg e. V.<\/p>\n<p><a href=\"http:\/\/www.shk-goe.de\/assistenz\/\" target=\"_blank\" rel=\"noopener\">www.shk-goe.de\/assistenz\/<\/a><br \/>\nAssistenzdienst der Selbsthilfe K\u00f6rperbehinderter G\u00f6ttingen e. V.<\/p>\n<p>&nbsp;<\/p>\n<p><strong>Assistenzdienste in Nordrhein-Westfalen:<\/strong><\/p>\n<p><a href=\"http:\/\/www.ad-ms.de\" target=\"_blank\" rel=\"noopener\">www.ad-ms.de<\/a><br \/>\nAmbulante Dienste e. V. in M\u00fcnster<\/p>\n<p><a href=\"https:\/\/www.assistenz-kollektiv.de\/\" target=\"_blank\" rel=\"noopener\">www.assistenz-kollektiv.de<\/a><br \/>\nAssistenz-Kollektiv K\u00f6ln e. V.<\/p>\n<p><a href=\"https:\/\/www.behindertnaund.de\/angebot-fuer-erwachsene\/pflege-und-betreuung\/assistenz\/\" target=\"_blank\" rel=\"noopener\">www.behindertnaund.de\/angebot-fuer-erwachsene\/pflege-und-betreuung\/assistenz\/<\/a><br \/>\nbehindert \u2013 na und e. V. in Wuppertal<\/p>\n<p><a href=\"http:\/\/www.bdp-dortmund.de\/soziale-dienste-ggmbh\/ambulante-dienste\/unser-angebot.html\" target=\"_blank\" rel=\"noopener\">www.bdp-dortmund.de\/soziale-dienste-ggmbh\/ambulante-dienste\/unser-angebot.html<\/a><br \/>\nBund Deutscher Pfadfinder &#8211; Soziale Dienste gGmbH in Dortmund<\/p>\n<p>&nbsp;<\/p>\n<p><strong>Assistenzdienste in Rheinland-Pfalz:<\/strong><\/p>\n<p><a href=\"https:\/\/www.clubaktiv.de\/unsere-angebote\/unsere-angebote-nach-leistungen\/ambulante-dienste-assistenzen\/individuelle-selbstbestimmte-betreuung-assistenz-i.html\" target=\"_blank\" rel=\"noopener\">www.clubaktiv.de\/unsere-angebote\/unsere-angebote-nach-leistungen\/ambulante-dienste-assistenzen\/individuelle-selbstbestimmte-betreuung-assistenz-i.html<\/a><br \/>\nClub Aktiv e. V. in Trier<\/p>\n<p>&nbsp;<\/p>\n<p><strong>Assistenzdienste in Sachsen:<\/strong><\/p>\n<p><a href=\"https:\/\/www.diakonie-dresden.de\/index.php?id=120\" target=\"_blank\" rel=\"noopener\">www.diakonie-dresden.de\/index.php?id=120<\/a><br \/>\nAmbulantes Behindertenzentrum in Dresden (Diakonie Sachsen &#8211; Stadtmission Dresden)<\/p>\n<p>&nbsp;<\/p>\n<p><strong>Assistenzdienste in Th\u00fcringen:<\/strong><\/p>\n<p><a href=\"https:\/\/proassistenzjena.de\/\" target=\"_blank\" rel=\"noopener\">proassistenzjena.de<\/a><br \/>\nPro Assistenz Jena e. V.<\/p>\n<p>&nbsp;<\/p>\n","protected":false},"excerpt":{"rendered":"<p>Assistenzdienste in Deutschland (Diese Liste ist begrenzt auf nicht-kommerzielle Anbieter von Pers\u00f6nlicher Assistenz, die nach den Grunds\u00e4tzen der Selbstbestimmt-Leben-Bewegung arbeiten.) &nbsp; &nbsp;Assistenzdienste in Baden-W\u00fcrttemberg: www.lag-isa.de\/netzwerkpartner\/ (zusammengeschlossen in der Landesarbeitsgemeinschaft Individuelle Schwerbehindertenassistenz Baden-W\u00fcrttemberg [LAG ISA]) www.sued-ag.de S\u00fcddeutsche Assistenz Gesellschaft (SAG) in &#8230;<br \/> <a href=\"https:\/\/www.adberlin.com\/neu\/weiterfuerende-informationen\/assistenzdienste\" class=\"readmore_link\">weiterlesen<\/a><\/p>\n","protected":false},"author":2,"featured_media":0,"parent":617,"menu_order":0,"comment_status":"closed","ping_status":"closed","template":"","meta":[],"_links":{"self":[{"href":"https:\/\/www.adberlin.com\/neu\/wp-json\/wp\/v2\/pages\/2122"}],"collection":[{"href":"https:\/\/www.adberlin.com\/neu\/wp-json\/wp\/v2\/pages"}],"about":[{"href":"https:\/\/www.adberlin.com\/neu\/wp-json\/wp\/v2\/types\/page"}],"author":[{"embeddable":true,"href":"https:\/\/www.adberlin.com\/neu\/wp-json\/wp\/v2\/users\/2"}],"replies":[{"embeddable":true,"href":"https:\/\/www.adberlin.com\/neu\/wp-json\/wp\/v2\/comments?post=2122"}],"version-history":[{"count":34,"href":"https:\/\/www.adberlin.com\/neu\/wp-json\/wp\/v2\/pages\/2122\/revisions"}],"predecessor-version":[{"id":5397,"href":"https:\/\/www.adberlin.com\/neu\/wp-json\/wp\/v2\/pages\/2122\/revisions\/5397"}],"up":[{"embeddable":true,"href":"https:\/\/www.adberlin.com\/neu\/wp-json\/wp\/v2\/pages\/617"}],"wp:attachment":[{"href":"https:\/\/www.adberlin.com\/neu\/wp-json\/wp\/v2\/media?parent=2122"}],"curies":[{"name":"wp","href":"https:\/\/api.w.org\/{rel}","templated":true}]}}